{"id":302,"date":"2021-06-16T13:22:08","date_gmt":"2021-06-16T18:22:08","guid":{"rendered":"https:\/\/www.groupeparima.com\/?page_id=302"},"modified":"2025-06-12T09:20:58","modified_gmt":"2025-06-12T14:20:58","slug":"a-propos","status":"publish","type":"page","link":"https:\/\/www.groupeparima.com\/fr\/a-propos\/","title":{"rendered":"\u00c0 propos"},"content":{"rendered":"\n<p>Fond\u00e9e en 1994,&nbsp;<strong>Groupe PARIMA&nbsp;<\/strong>est une&nbsp;soci\u00e9t\u00e9 qui effectue le&nbsp;d\u00e9veloppement et&nbsp;la&nbsp;fabrication&nbsp;de produits pharmaceutiques sur une base contractuelle&nbsp;(CDMO). Au fil des ann\u00e9es, nous avons&nbsp;acquis&nbsp;une expertise dans le d\u00e9veloppement et la fabrication&nbsp;de m\u00e9dicaments liquides, semi-solides&nbsp;et en suspension. Cette orientation strat\u00e9gique,&nbsp;combin\u00e9e \u00e0 notre flexibilit\u00e9 op\u00e9rationnelle et \u00e0 notre engagement \u00e0 respecter les&nbsp;d\u00e9lais,&nbsp;nous permet de fonctionner comme une&nbsp;extension&nbsp;de votre \u00e9quipe.&nbsp;<\/p>\n\n\n\n<p class=\"is-style-default\">Notre entreprise&nbsp;travaille exclusivement sur une base contractuelle. Nous sommes disponibles pour vous aider \u00e0 atteindre les objectifs de votre entreprise, et non pour vous concurrencer.&nbsp;<\/p>\n\n\n<div class=\"block-accordion \">\n    <span class=\"block-accordion__label\">Accordion<\/span>\n    <h3 class=\"block-accordion__title\">Histoire de l&#039;entreprise<\/h3>\n    \n\n<p>Fond\u00e9 en 1994 par&nbsp;un ing\u00e9nieur&nbsp;chimiste,&nbsp;Groupe PARIMA a commenc\u00e9&nbsp;en offrant des services&nbsp;d\u2019emballage primaire et secondaire pour le march\u00e9 am\u00e9ricain. Au fil des ann\u00e9es,&nbsp;des&nbsp;investissements dans l\u2019\u00e9quipement de fabrications ont permis d\u2019\u00e9largir l\u2019offre de service.&nbsp; Le d\u00e9m\u00e9nagement dans son emplacement actuel en 2002, suivi d\u2019une expansion en 2004, permet maintenant \u00e0 l\u2019entreprise d\u2019offrir une gamme compl\u00e8te de&nbsp;services&nbsp;de fabrication et&nbsp;de conditionnement&nbsp;dans&nbsp;ses&nbsp;installations de 67 000 pi<sup>2<\/sup>&nbsp;(6&nbsp;225 m<sup>2<\/sup>).&nbsp;<\/p>\n\n\n\n<p>\u00c0 partir de&nbsp;2002,&nbsp;l\u2019ajout d\u2019un laboratoire&nbsp;nous&nbsp;a permis d\u2019\u00e9largir&nbsp;l&rsquo;offre de services&nbsp;pour inclure des tests de laboratoire complets, ainsi que le d\u00e9veloppement de produits.&nbsp; Au cours des derni\u00e8res ann\u00e9es, tant les investissements cl\u00e9s dans les nouvelles technologies que la modernisation de notre infrastructure nous ont permis de poursuivre notre croissance,&nbsp;offrant nos services \u00e0 des&nbsp;clients situ\u00e9s&nbsp;\u00e0 travers&nbsp;le monde.&nbsp;<\/p>\n\n\n<\/div>\n\n                    \n\n\n<div class=\"block-accordion \">\n    <span class=\"block-accordion__label\">Accordion<\/span>\n    <h3 class=\"block-accordion__title\">Relation avec nos clients<\/h3>\n    \n\n<p>En fabriquant des produits pharmaceutiques pour des march\u00e9s situ\u00e9s sur les cinq continents, nous avons une port\u00e9e mondiale.\u202fNotre client\u00e8le&nbsp;inclue&nbsp;des&nbsp;entreprises en d\u00e9marrage,&nbsp;celles de&nbsp;taille moyenne&nbsp;ainsi que des&nbsp;soci\u00e9t\u00e9s pharmaceutiques mondiales.\u202fNotre flexibilit\u00e9 op\u00e9rationnelle nous permet de r\u00e9pondre \u00e0 vos besoins op\u00e9rationnels et aux exigences sp\u00e9cifiques&nbsp;\u00e0&nbsp;chacun de vos produits.&nbsp;L\u2019un des avantages de travailler avec nous&nbsp;r\u00e9side dans&nbsp;l\u2019attention&nbsp;que vous recevrez&nbsp;de la haute direction. Les cadres sup\u00e9rieurs ont une visibilit\u00e9 directe sur chaque relation-client&nbsp;et sont&nbsp;responsables d\u2019assurer le succ\u00e8s de chaque interaction.&nbsp;<\/p>\n\n\n<\/div>\n\n                    \n\n\n\n<div style=\"height:100px\" aria-hidden=\"true\" class=\"wp-block-spacer\"><\/div>\n\n\n\n<p class=\"is-style-top-label\">L&rsquo;\u00c9quipe<\/p>\n\n\n\n<p>&nbsp;<\/p>\n\n\n\n  <section class=\"team-bios theme-block alignwide\">\n    <!-- -------- Overlay -------- -->\n    <div class=\"team-member__page-overlay\"><\/div>\n\n    <div class=\"team-members\">\n      \n              <div class=\"team-member\" data-member-target=\"member-1\">\n          \n                      <img decoding=\"async\" class=\"team-member__photo\" src=\"https:\/\/www.groupeparima.com\/wp-content\/uploads\/2021\/06\/GroupeParima2021_CMongrain_10percent.jpg\" alt=\"Claude Mongrain\">\n                      \n          <!-- -------- Name and title -------- -->\n          <div class=\"team-member__name-and-title\">\n                          <h2 class=\"team-member__name heading-size-5\">Claude Mongrain<\/h2>\n                          \n                          <p class=\"team-member__title\">Fondateur<\/p>\n                      <\/div>\n              \n        <\/div>\n        <!-- -------- Popup -------- -->\n        <div class=\"member-popup\" id=\"member-1\">\n          \n          <i class=\"icon-close icon-close-popup\"><\/i>\n\n          <div class=\"member-popup__wrapper\">\n            <!-- -------- Name, linkedin and title -------- -->\n            <div class=\"team-member__name-and-title\">\n              <div class=\"team-member__name-and-linkedin\">\n                <!-- -------- Name -------- -->\n                                  <h2 class=\"team-member__name heading-size-5\">Claude Mongrain<\/h2>\n                                  \n                <!-- -------- Linkedin -------- -->\n                                  <div class=\"team-member-linkedin\">\n                    <a href=\"https:\/\/www.linkedin.com\/in\/claude-mongrain-0a813094\/\" class=\"team-member-linkedin__link\" target=\"_blank\" rel=\"noopener\"><\/a>\n                  <\/div>\n                              <\/div>\n\n              <!-- -------- Title -------- -->\n                              <p class=\"team-member__title\">Fondateur<\/p>\n                          <\/div>\n\n\n                \n            <!-- -------- Bio -------- -->\n                          <div class=\"team-member-bio\"><p>Claude est fondateur du Groupe PARIMA. Il a d\u00e9but\u00e9 sa carri\u00e8re chez Procter and Gamble et travaille dans l\u2019industrie pharmaceutique depuis plus de 35 ans. Son exp\u00e9rience comprend la production commerciale, ainsi que le d\u00e9veloppement de m\u00e9dicaments, la validation, les BPF, la finance et le leadership d&rsquo;\u00e9quipe interfonctionnelle. Claude d\u00e9tient un Baccalaur\u00e9at \u00e8s sciences en g\u00e9nie chimique de l&rsquo;Universit\u00e9 de Montr\u00e9al &#8211; \u00c9cole polytechnique de Montr\u00e9al. En tant que Fondateur, Claude est d\u00e9di\u00e9 au d\u00e9veloppement des affaires.<\/p>\n<\/div>\n                      <\/div>\n        <\/div>\n        <!-- -------- END Popup -------- -->\n              \n              <div class=\"team-member\" data-member-target=\"member-2\">\n          \n                      <img decoding=\"async\" class=\"team-member__photo\" src=\"https:\/\/www.groupeparima.com\/wp-content\/uploads\/2021\/06\/GroupeParima2021_DCantin_10percent.jpg\" alt=\"Louis-David Cantin, PhD, MBA\">\n                      \n          <!-- -------- Name and title -------- -->\n          <div class=\"team-member__name-and-title\">\n                          <h2 class=\"team-member__name heading-size-5\">Louis-David Cantin, PhD, MBA<\/h2>\n                          \n                          <p class=\"team-member__title\">Pr\u00e9sident et chef de la direction<\/p>\n                      <\/div>\n              \n        <\/div>\n        <!-- -------- Popup -------- -->\n        <div class=\"member-popup\" id=\"member-2\">\n          \n          <i class=\"icon-close icon-close-popup\"><\/i>\n\n          <div class=\"member-popup__wrapper\">\n            <!-- -------- Name, linkedin and title -------- -->\n            <div class=\"team-member__name-and-title\">\n              <div class=\"team-member__name-and-linkedin\">\n                <!-- -------- Name -------- -->\n                                  <h2 class=\"team-member__name heading-size-5\">Louis-David Cantin, PhD, MBA<\/h2>\n                                  \n                <!-- -------- Linkedin -------- -->\n                                  <div class=\"team-member-linkedin\">\n                    <a href=\"https:\/\/www.linkedin.com\/in\/louis-david-cantin-0a6b552\/\" class=\"team-member-linkedin__link\" target=\"_blank\" rel=\"noopener\"><\/a>\n                  <\/div>\n                              <\/div>\n\n              <!-- -------- Title -------- -->\n                              <p class=\"team-member__title\">Pr\u00e9sident et chef de la direction<\/p>\n                          <\/div>\n\n\n                \n            <!-- -------- Bio -------- -->\n                          <div class=\"team-member-bio\"><p>Louis-David Cantin est PDG du Groupe PARIMA. Il s&rsquo;est joint \u00e0 l&rsquo;organisation en 2013 o\u00f9 il a d&rsquo;abord d\u00e9but\u00e9 comme directeur de la recherche et du d\u00e9veloppement. En tant que pr\u00e9sident et chef de la direction, ses principales responsabilit\u00e9s comprennent la supervision des op\u00e9rations, le d\u00e9veloppement de l&rsquo;entreprise et la strat\u00e9gie commerciale.<\/p>\n<p>David a plus de 20 ans d&rsquo;exp\u00e9rience dans l&rsquo;industrie pharmaceutique, ayant occup\u00e9 des postes \u00e0 responsabilit\u00e9 croissante chez Bayer Healthcare et AstraZeneca, \u00e0 la fois dans la gestion de projets de R&amp;D et dans des r\u00f4les de direction dans les d\u00e9partements de chimie.<\/p>\n<p>David est titulaire d&rsquo;un Ph.D. en chimie ainsi que d&rsquo;un MBA. Il est le co-inventeur de plusieurs brevets de nouvelles entit\u00e9s mol\u00e9culaires et formulations, ainsi que le co-auteur de dix-huit publications scientifiques.<\/p>\n<\/div>\n                      <\/div>\n        <\/div>\n        <!-- -------- END Popup -------- -->\n              \n              <div class=\"team-member\" data-member-target=\"member-3\">\n          \n                      <img decoding=\"async\" class=\"team-member__photo\" src=\"https:\/\/www.groupeparima.com\/wp-content\/uploads\/2021\/06\/GroupeParima2021_LysonNadeau_10percent.jpg\" alt=\"Lyson Nadeau, M.Sc.\">\n                      \n          <!-- -------- Name and title -------- -->\n          <div class=\"team-member__name-and-title\">\n                          <h2 class=\"team-member__name heading-size-5\">Lyson Nadeau, M.Sc.<\/h2>\n                          \n                          <p class=\"team-member__title\">Vice-Pr\u00e9sidente, Qualit\u00e9<\/p>\n                      <\/div>\n              \n        <\/div>\n        <!-- -------- Popup -------- -->\n        <div class=\"member-popup\" id=\"member-3\">\n          \n          <i class=\"icon-close icon-close-popup\"><\/i>\n\n          <div class=\"member-popup__wrapper\">\n            <!-- -------- Name, linkedin and title -------- -->\n            <div class=\"team-member__name-and-title\">\n              <div class=\"team-member__name-and-linkedin\">\n                <!-- -------- Name -------- -->\n                                  <h2 class=\"team-member__name heading-size-5\">Lyson Nadeau, M.Sc.<\/h2>\n                                  \n                <!-- -------- Linkedin -------- -->\n                                  <div class=\"team-member-linkedin\">\n                    <a href=\"https:\/\/www.linkedin.com\/in\/lyson-nadeau-a3180726\/\" class=\"team-member-linkedin__link\" target=\"_blank\" rel=\"noopener\"><\/a>\n                  <\/div>\n                              <\/div>\n\n              <!-- -------- Title -------- -->\n                              <p class=\"team-member__title\">Vice-Pr\u00e9sidente, Qualit\u00e9<\/p>\n                          <\/div>\n\n\n                \n            <!-- -------- Bio -------- -->\n                          <div class=\"team-member-bio\"><p>Lyson Nadeau d\u00e9tient une ma\u00eetrise et un baccalaur\u00e9at en Sciences et Technologie des Aliments, Option Chimie de l\u2019Universit\u00e9 Laval. Elle est une gestionnaire d\u2019\u00e9quipe ax\u00e9e sur la collaboration, le coaching et l\u2019am\u00e9lioration continue. Travaillant dans le domaine pharmaceutique depuis plus de 25 ans dans diff\u00e9rentes compagnies pharmaceutiques de produits st\u00e9riles et non-st\u00e9riles allant de multinationales aux PME, elle a occup\u00e9 des postes en contr\u00f4le de la qualit\u00e9, assurance qualit\u00e9 et gestion de la qualit\u00e9. Durant ces ann\u00e9es, elle a particip\u00e9, \u00e0 titre d\u2019h\u00f4te principale, \u00e0 plus d\u2019une dizaine d\u2019inspections r\u00e9glementaires de Sant\u00e9 Canada, de la FDA et d\u2019autres agences \u00e0 travers le monde. Elle est pr\u00e9sentement Vice-Pr\u00e9sidente Assurance Qualit\u00e9 et a la charge de la conception et du contr\u00f4le du syst\u00e8me qualit\u00e9.<\/p>\n<\/div>\n                      <\/div>\n        <\/div>\n        <!-- -------- END Popup -------- -->\n              \n              <div class=\"team-member\" data-member-target=\"member-4\">\n          \n                      <img decoding=\"async\" class=\"team-member__photo\" src=\"https:\/\/www.groupeparima.com\/wp-content\/uploads\/2021\/06\/GroupeParima2021_RicardoSP_10percent.jpg\" alt=\"Riccardo Santopietro, Ing.\">\n                      \n          <!-- -------- Name and title -------- -->\n          <div class=\"team-member__name-and-title\">\n                          <h2 class=\"team-member__name heading-size-5\">Riccardo Santopietro, Ing.<\/h2>\n                          \n                          <p class=\"team-member__title\">Vice-Pr\u00e9sident, Op\u00e9rations<\/p>\n                      <\/div>\n              \n        <\/div>\n        <!-- -------- Popup -------- -->\n        <div class=\"member-popup\" id=\"member-4\">\n          \n          <i class=\"icon-close icon-close-popup\"><\/i>\n\n          <div class=\"member-popup__wrapper\">\n            <!-- -------- Name, linkedin and title -------- -->\n            <div class=\"team-member__name-and-title\">\n              <div class=\"team-member__name-and-linkedin\">\n                <!-- -------- Name -------- -->\n                                  <h2 class=\"team-member__name heading-size-5\">Riccardo Santopietro, Ing.<\/h2>\n                                  \n                <!-- -------- Linkedin -------- -->\n                                  <div class=\"team-member-linkedin\">\n                    <a href=\"https:\/\/www.linkedin.com\/in\/riccardo-santopietro-7b74435\/\" class=\"team-member-linkedin__link\" target=\"_blank\" rel=\"noopener\"><\/a>\n                  <\/div>\n                              <\/div>\n\n              <!-- -------- Title -------- -->\n                              <p class=\"team-member__title\">Vice-Pr\u00e9sident, Op\u00e9rations<\/p>\n                          <\/div>\n\n\n                \n            <!-- -------- Bio -------- -->\n                          <div class=\"team-member-bio\"><p>Riccardo s\u2019est joint \u00e0 Groupe PARIMA en septembre 2019.\u00a0 En tant que vice-pr\u00e9sident des op\u00e9rations il est responsable de la production, les services techniques et la technologie de l\u2019information. Sous sa direction, l\u2019\u00e9quipe des op\u00e9rations assure la fabrication et l\u2019emballage des produits conformes, l\u2019op\u00e9ration fiable des \u00e9quipements, et l\u2019introduction de nouvelles technologies de fabrication.<\/p>\n<p>Riccardo a plus de 20 ans d\u2019exp\u00e9rience dans le secteur de la sant\u00e9, ayant travaill\u00e9 dans les domaines de la fabrication non st\u00e9rile, de la lyophilisation, de la m\u00e9decine nucl\u00e9aire et des dispositifs m\u00e9dicaux. Son exp\u00e9rience comprend la validation, l\u2019ing\u00e9nierie de projet, la gestion de la maintenance, ainsi que la conception d\u2019\u00e9quipements et de dispositifs m\u00e9dicaux.<\/p>\n<p>Riccardo d\u00e9tient un baccalaur\u00e9at en g\u00e9nie de l\u2019Universit\u00e9 Concordia.<\/p>\n<p>Il poss\u00e8de une certification ceinture verte Lean Six Sigma et il est ing\u00e9nieur professionnel inscrit\u00a0au tableau de l\u2019Ordre des\u00a0ing\u00e9nieurs\u00a0du\u00a0Qu\u00e9bec.<\/p>\n<\/div>\n                      <\/div>\n        <\/div>\n        <!-- -------- END Popup -------- -->\n              \n              <div class=\"team-member\" data-member-target=\"member-5\">\n          \n                      <img decoding=\"async\" class=\"team-member__photo\" src=\"https:\/\/www.groupeparima.com\/wp-content\/uploads\/2021\/06\/GroupeParima2021_JBarriere_10percent.jpg\" alt=\"Judith Barri\u00e8re, MSc, CRHA\">\n                      \n          <!-- -------- Name and title -------- -->\n          <div class=\"team-member__name-and-title\">\n                          <h2 class=\"team-member__name heading-size-5\">Judith Barri\u00e8re, MSc, CRHA<\/h2>\n                          \n                          <p class=\"team-member__title\">Vice-Pr\u00e9sidente des ressources humaines et du d\u00e9veloppement organisationnel<\/p>\n                      <\/div>\n              \n        <\/div>\n        <!-- -------- Popup -------- -->\n        <div class=\"member-popup\" id=\"member-5\">\n          \n          <i class=\"icon-close icon-close-popup\"><\/i>\n\n          <div class=\"member-popup__wrapper\">\n            <!-- -------- Name, linkedin and title -------- -->\n            <div class=\"team-member__name-and-title\">\n              <div class=\"team-member__name-and-linkedin\">\n                <!-- -------- Name -------- -->\n                                  <h2 class=\"team-member__name heading-size-5\">Judith Barri\u00e8re, MSc, CRHA<\/h2>\n                                  \n                <!-- -------- Linkedin -------- -->\n                                  <div class=\"team-member-linkedin\">\n                    <a href=\"https:\/\/www.linkedin.com\/in\/judith-barri%C3%A8re-m-sc-crha-74512b2b\/\" class=\"team-member-linkedin__link\" target=\"_blank\" rel=\"noopener\"><\/a>\n                  <\/div>\n                              <\/div>\n\n              <!-- -------- Title -------- -->\n                              <p class=\"team-member__title\">Vice-Pr\u00e9sidente des ressources humaines et du d\u00e9veloppement organisationnel<\/p>\n                          <\/div>\n\n\n                \n            <!-- -------- Bio -------- -->\n                          <div class=\"team-member-bio\"><p>Judith a plus de 15 ans d\u2019exp\u00e9rience en r\u00f4le conseil dans les pratiques de Gestion des ressources humaines en plus d\u2019avoir d\u00e9velopp\u00e9 une expertise en D\u00e9veloppement organisationnel. Elle a travaill\u00e9 dans diff\u00e9rentes industries o\u00f9 elle a d\u00e9montr\u00e9 sa facilit\u00e9 \u00e0 accompagner les gestionnaires dans la r\u00e9solution d\u2019enjeux. Elle a aussi \u00e0 c\u0153ur de s\u2019impliquer dans l\u2019am\u00e9lioration de toutes les \u00e9tapes du cycle de vie de l\u2019employ\u00e9.<\/p>\n<p>Judith d\u00e9tient un Baccalaur\u00e9at en Relations industrielles de l\u2019Universit\u00e9 de Montr\u00e9al et une Ma\u00eetrise en gestion sp\u00e9cialis\u00e9e en d\u00e9veloppement organisationnel \u00e0 HEC Montr\u00e9al. Elle est membre de l\u2019Ordre des Conseillers en ressources humaines agr\u00e9es (CRHA). Depuis son arriv\u00e9e dans l\u2019\u00e9quipe du Groupe Parima en 2018, elle a mis en place le Service des ressources humaines qui joue un r\u00f4le cl\u00e9 dans la croissance du Groupe Parima. Son engagement dans l\u2019attraction des talents et la revue des processus cl\u00e9s a permis au Groupe Parima de se positionner comme employeur de choix. Les impacts positifs qu\u2019elle a eu sur la Gestion des ressources humaines lui ont permis de se d\u00e9marquer pour obtenir le poste de Directrice des ressources humaines en 2020 et Vice-Pr\u00e9sidente des ressources humaines et du d\u00e9veloppement organisationnel en 2023.<\/p>\n<\/div>\n                      <\/div>\n        <\/div>\n        <!-- -------- END Popup -------- -->\n              \n          <\/div>\n  <\/section>\n  \n\n\n<div class=\"wp-block-columns is-layout-flex wp-container-core-columns-is-layout-9d6595d7 wp-block-columns-is-layout-flex\"><\/div>\n\n\n\n<p>L&rsquo;\u00e9quipe de&nbsp;direction&nbsp;a r\u00e9uni une&nbsp;\u00e9quipe de&nbsp;professionnels&nbsp;avec un&nbsp;large \u00e9ventail d\u2019expertise et d\u2019exp\u00e9rience, y compris des&nbsp;op\u00e9rateurs, techniciens, chimistes, biochimistes, microbiologies&nbsp;et ing\u00e9nieurs&nbsp;hautement qualifi\u00e9s.&nbsp; <\/p>\n\n\n\n<p><\/p>\n","protected":false},"excerpt":{"rendered":"<p>Fond\u00e9e en 1994,&nbsp;Groupe PARIMA&nbsp;est une&nbsp;soci\u00e9t\u00e9 qui effectue le&nbsp;d\u00e9veloppement et&nbsp;la&nbsp;fabrication&nbsp;de produits pharmaceutiques sur une base contractuelle&nbsp;(CDMO). Au fil des ann\u00e9es, nous avons&nbsp;acquis&nbsp;une expertise dans le d\u00e9veloppement et la fabrication&nbsp;de m\u00e9dicaments liquides, semi-solides&nbsp;et en suspension. Cette orientation strat\u00e9gique,&nbsp;combin\u00e9e \u00e0 notre flexibilit\u00e9 op\u00e9rationnelle et \u00e0 notre engagement \u00e0 respecter les&nbsp;d\u00e9lais,&nbsp;nous permet de fonctionner comme une&nbsp;extension&nbsp;de votre \u00e9quipe.&nbsp; Notre &hellip; <a href=\"https:\/\/www.groupeparima.com\/fr\/a-propos\/\">Continued<\/a><\/p>\n","protected":false},"author":1,"featured_media":0,"parent":0,"menu_order":0,"comment_status":"closed","ping_status":"closed","template":"","meta":{"_acf_changed":false,"content-type":"","_relevanssi_hide_post":"","_relevanssi_hide_content":"","_relevanssi_pin_for_all":"","_relevanssi_pin_keywords":"","_relevanssi_unpin_keywords":"","_relevanssi_related_keywords":"","_relevanssi_related_include_ids":"","_relevanssi_related_exclude_ids":"","_relevanssi_related_no_append":"","_relevanssi_related_not_related":"","_relevanssi_related_posts":"","_relevanssi_noindex_reason":"","footnotes":""},"class_list":["post-302","page","type-page","status-publish","hentry"],"acf":[],"_links":{"self":[{"href":"https:\/\/www.groupeparima.com\/fr\/wp-json\/wp\/v2\/pages\/302","targetHints":{"allow":["GET"]}}],"collection":[{"href":"https:\/\/www.groupeparima.com\/fr\/wp-json\/wp\/v2\/pages"}],"about":[{"href":"https:\/\/www.groupeparima.com\/fr\/wp-json\/wp\/v2\/types\/page"}],"author":[{"embeddable":true,"href":"https:\/\/www.groupeparima.com\/fr\/wp-json\/wp\/v2\/users\/1"}],"replies":[{"embeddable":true,"href":"https:\/\/www.groupeparima.com\/fr\/wp-json\/wp\/v2\/comments?post=302"}],"version-history":[{"count":7,"href":"https:\/\/www.groupeparima.com\/fr\/wp-json\/wp\/v2\/pages\/302\/revisions"}],"predecessor-version":[{"id":4150,"href":"https:\/\/www.groupeparima.com\/fr\/wp-json\/wp\/v2\/pages\/302\/revisions\/4150"}],"wp:attachment":[{"href":"https:\/\/www.groupeparima.com\/fr\/wp-json\/wp\/v2\/media?parent=302"}],"curies":[{"name":"wp","href":"https:\/\/api.w.org\/{rel}","templated":true}]}}